{"id":800,"date":"2023-01-04T14:43:17","date_gmt":"2023-01-04T14:43:17","guid":{"rendered":"https:\/\/uudenmaanruoka.fi\/?page_id=800"},"modified":"2023-01-11T16:20:44","modified_gmt":"2023-01-11T16:20:44","slug":"malmgard","status":"publish","type":"page","link":"https:\/\/uudenmaanruoka.fi\/sv\/malmgard\/","title":{"rendered":"Malmg\u00e5rd"},"content":{"rendered":"<div data-elementor-type=\"wp-page\" data-elementor-id=\"800\" class=\"elementor elementor-800\" data-elementor-post-type=\"page\">\n\t\t\t\t\t\t<section class=\"elementor-section elementor-top-section elementor-element elementor-element-57761c9 elementor-section-boxed elementor-section-height-default elementor-section-height-default\" data-id=\"57761c9\" data-element_type=\"section\" data-e-type=\"section\" data-settings=\"{&quot;background_background&quot;:&quot;classic&quot;}\">\n\t\t\t\t\t\t<div class=\"elementor-container elementor-column-gap-default\">\n\t\t\t\t\t<div class=\"elementor-column elementor-col-100 elementor-top-column elementor-element elementor-element-63b104e\" data-id=\"63b104e\" data-element_type=\"column\" data-e-type=\"column\">\n\t\t\t<div class=\"elementor-widget-wrap elementor-element-populated\">\n\t\t\t\t\t\t<div class=\"elementor-element elementor-element-d6d82d1 elementor-widget elementor-widget-heading\" data-id=\"d6d82d1\" data-element_type=\"widget\" data-e-type=\"widget\" data-widget_type=\"heading.default\">\n\t\t\t\t<div class=\"elementor-widget-container\">\n\t\t\t\t\t<h1 class=\"elementor-heading-title elementor-size-default\">Malmg\u00e5rd<\/h1>\t\t\t\t<\/div>\n\t\t\t\t<\/div>\n\t\t\t\t<div class=\"elementor-element elementor-element-cd5385a elementor-widget elementor-widget-heading\" data-id=\"cd5385a\" data-element_type=\"widget\" data-e-type=\"widget\" data-widget_type=\"heading.default\">\n\t\t\t\t<div class=\"elementor-widget-container\">\n\t\t\t\t\t<h3 class=\"elementor-heading-title elementor-size-large\">Malmg\u00e5rd har specialiserat sig p\u00e5 odling av havre, emmer och spelt. De sistn\u00e4mnda \u00e4r smakrika urkorn som passar utm\u00e4rkt bland annat till bakning samt till framst\u00e4llning av ris och \u00f6l. V\u00e5ra ekologiska risprodukter kan utm\u00e4rkt ers\u00e4tta vanligt importerat ris, till exempel i risotto. <\/h3>\t\t\t\t<\/div>\n\t\t\t\t<\/div>\n\t\t\t\t\t<\/div>\n\t\t<\/div>\n\t\t\t\t\t<\/div>\n\t\t<\/section>\n\t\t\t\t<section class=\"elementor-section elementor-top-section elementor-element elementor-element-0ea38d0 elementor-section-boxed elementor-section-height-default elementor-section-height-default\" data-id=\"0ea38d0\" data-element_type=\"section\" data-e-type=\"section\">\n\t\t\t\t\t\t<div class=\"elementor-container elementor-column-gap-default\">\n\t\t\t\t\t<div class=\"elementor-column elementor-col-66 elementor-top-column elementor-element elementor-element-dbe3702\" data-id=\"dbe3702\" data-element_type=\"column\" data-e-type=\"column\">\n\t\t\t<div class=\"elementor-widget-wrap elementor-element-populated\">\n\t\t\t\t\t\t<div class=\"elementor-element elementor-element-ca39320 elementor-widget elementor-widget-text-editor\" data-id=\"ca39320\" data-element_type=\"widget\" data-e-type=\"widget\" data-widget_type=\"text-editor.default\">\n\t\t\t\t<div class=\"elementor-widget-container\">\n\t\t\t\t\t\t\t\t\t<p dir=\"ltr\" style=\"line-height: 1.656; margin-top: 12pt; margin-bottom: 0pt;\"><font color=\"#000000\" face=\"Arial\"><span style=\"white-space: pre-wrap;\">Jag representerar den 13:e generationen \u00e4gare p\u00e5 Malmg\u00e5rd. H\u00e4r har man odlat mark sedan 1600-talet. Mitt huvudm\u00e5l \u00e4r att sk\u00f6ta g\u00e5rden s\u00e5 v\u00e4l att jag kan l\u00e4mna \u00e5krarna till n\u00e4sta generation i b\u00e4ttre skick \u00e4n jag sj\u00e4lv en g\u00e5ng fick dem. N\u00e4r jag b\u00f6rjade arbeta p\u00e5 Malmg\u00e5rd som 35-\u00e5ring fanns tre generationer samtidigt p\u00e5 g\u00e5rden. Jag har m\u00e4rkt att det l\u00f6nar sig att lyssna p\u00e5 den \u00e4ldre generationen. Det \u00e4r mycket viktigt, eftersom de har perspektiv och mycket kunskap.<\/span><\/font><\/p><p dir=\"ltr\" style=\"line-height: 1.656; margin-top: 12pt; margin-bottom: 0pt;\"><font color=\"#000000\" face=\"Arial\"><span style=\"white-space: pre-wrap;\">\nVi odlar alla traditionella finska spannm\u00e5lssorter. Dessutom odlar vi forntida spannm\u00e5l, det vill s\u00e4ga enkorn, emmer och spelt.\n<br><\/span><\/font><\/p><p dir=\"ltr\" style=\"line-height: 1.656; margin-top: 12pt; margin-bottom: 0pt;\"><font color=\"#000000\" face=\"Arial\"><span style=\"white-space: pre-wrap;\">Malmg\u00e5rd har bedrivit ekologisk produktion. D\u00e4rf\u00f6r m\u00e5ste man l\u00e4ra sig hur v\u00e4dret p\u00e5verkar \u00e5krarna och vilken s\u00e4d som ska s\u00e5s p\u00e5 vilken \u00e5ker.\n<br><\/span><\/font><\/p><p dir=\"ltr\" style=\"line-height: 1.656; margin-top: 12pt; margin-bottom: 0pt;\"><font color=\"#000000\" face=\"Arial\"><span style=\"white-space: pre-wrap;\">Vi har \u00f6ppnat upp v\u00e5r g\u00e5rd f\u00f6r allm\u00e4nheten, bland annat genom v\u00e5r butik och v\u00e5rt bryggeri, eftersom vi vill visa m\u00e4nniskor var spannm\u00e5len kommer ifr\u00e5n. N\u00e4r en konsument till exempel k\u00f6per en p\u00e5se havreflingor i butiken ser hen samtidigt \u00e5krarna d\u00e4r de odlas. F\u00f6r mig \u00e4r m\u00f6tet med konsumenterna en rolig och viktig del av arbetet.<\/span><\/font><\/p><p dir=\"ltr\" style=\"line-height: 1.656; margin-top: 12pt; margin-bottom: 0pt;\"><font color=\"#000000\" face=\"Arial\"><span style=\"white-space: pre-wrap;\">\nVi lyssnar p\u00e5 konsumenterna och utvecklar v\u00e5ra produkter utifr\u00e5n det.\n<br><\/span><\/font><\/p><p dir=\"ltr\" style=\"line-height: 1.656; margin-top: 12pt; margin-bottom: 0pt;\"><font color=\"#000000\" face=\"Arial\"><span style=\"white-space: pre-wrap;\">N\u00e4r vi startade butiken hade vi tv\u00e5 produkter i sortimentet: grahammj\u00f6l och torkade \u00e4rtor. Tack vare konsumenternas f\u00f6rslag har vi ut\u00f6kat v\u00e5rt sortiment. Nu har vi \u00f6ver hundra produkter till f\u00f6rs\u00e4ljning och p\u00e5 g\u00e5rden finns \u00e4ven ett mikrobryggeri.\n<br><\/span><\/font><\/p><p dir=\"ltr\" style=\"line-height: 1.656; margin-top: 12pt; margin-bottom: 0pt;\"><font color=\"#000000\" face=\"Arial\"><span style=\"white-space: pre-wrap;\">Jag tror att livsmedelsproduktionen i Finland kommer att ligga n\u00e4rmare konsumenten. Jag \u00e4r en stor f\u00f6respr\u00e5kare av certifieringar. De st\u00e4rker f\u00f6rtroendet mellan konsument och producent. Genom Nylands mat f\u00e5r konsumenterna information om var maten kommer ifr\u00e5n.<\/span><\/font><\/p><p dir=\"ltr\" style=\"line-height: 1.656; margin-top: 12pt; margin-bottom: 0pt;\"><font color=\"#000000\" face=\"Arial\"><span style=\"white-space: pre-wrap;\">\nOfta tror folk att det tar f\u00f6r mycket tid att laga mat eller att det \u00e4r kr\u00e5ngligt. D\u00e4rf\u00f6r vill de \u00e4ta f\u00e4rdigmat. I v\u00e5r butik f\u00e5r jag chansen att ber\u00e4tta f\u00f6r konsumenterna hur l\u00e4tt det \u00e4r att anv\u00e4nda och tillaga v\u00e5ra spannm\u00e5l och produkter.<\/span><\/font><br><\/p>\t\t\t\t\t\t\t\t<\/div>\n\t\t\t\t<\/div>\n\t\t\t\t\t<\/div>\n\t\t<\/div>\n\t\t\t\t<div class=\"elementor-column elementor-col-33 elementor-top-column elementor-element elementor-element-7d6381f\" data-id=\"7d6381f\" data-element_type=\"column\" data-e-type=\"column\">\n\t\t\t<div class=\"elementor-widget-wrap elementor-element-populated\">\n\t\t\t\t\t\t<div class=\"elementor-element elementor-element-fcdb573 elementor-widget elementor-widget-heading\" data-id=\"fcdb573\" data-element_type=\"widget\" data-e-type=\"widget\" data-widget_type=\"heading.default\">\n\t\t\t\t<div class=\"elementor-widget-container\">\n\t\t\t\t\t<h5 class=\"elementor-heading-title elementor-size-default\"><b>Malmg\u00e5rd\n<\/b><br><br>\nMalmg\u00e5rdin 47, 07720 Malmg\u00e5rd\n<br><br>malmgard(at)malmgard.fi\n<br><br>www.malmgard.fi<br><\/h5>\t\t\t\t<\/div>\n\t\t\t\t<\/div>\n\t\t\t\t\t<\/div>\n\t\t<\/div>\n\t\t\t\t\t<\/div>\n\t\t<\/section>\n\t\t\t\t<\/div>","protected":false},"excerpt":{"rendered":"<p>Malmg\u00e5rd Malmg\u00e5rd on erikoistunut kauran sek\u00e4 emmerin ja speltin viljelyyn. J\u00e4lkimm\u00e4iset ovat maukkaita muinaisviljoja, jotka luonnistuvat erinomaisesti muun muassa leivontaan sek\u00e4 viljariisin ja oluenvalmistukseen. Ekologisilla viljariisituotteillamme voi mainiosti korvata tavanomaisen tuontiriisinvaikkapa risotoissa. Edustan 13. omistajasukupolvea Malmg\u00e5rdin tilalla. T\u00e4\u00e4ll\u00e4 on viljelty maata 1600-luvulta l\u00e4htien. P\u00e4\u00e4tavoitteeni on hoitaa tilaa niin hyvin, ett\u00e4 voin antaa pellot seuraavalle sukupolvelle [&hellip;]<\/p>\n","protected":false},"author":1,"featured_media":0,"parent":0,"menu_order":0,"comment_status":"closed","ping_status":"closed","template":"elementor_header_footer","meta":{"footnotes":""},"class_list":["post-800","page","type-page","status-publish","hentry"],"yoast_head":"<!-- This site is optimized with the Yoast SEO plugin v28.2 - https:\/\/yoast.com\/product\/yoast-seo-wordpress\/ -->\n<title>Malmg\u00e5rd - Uudenmaanruoka<\/title>\n<meta name=\"robots\" content=\"index, follow, max-snippet:-1, max-image-preview:large, max-video-preview:-1\" \/>\n<link rel=\"canonical\" href=\"https:\/\/uudenmaanruoka.fi\/sv\/malmgard\/\" \/>\n<meta property=\"og:locale\" content=\"sv_SE\" \/>\n<meta property=\"og:type\" content=\"article\" \/>\n<meta property=\"og:title\" content=\"Malmg\u00e5rd - Uudenmaanruoka\" \/>\n<meta property=\"og:description\" content=\"Malmg\u00e5rd Malmg\u00e5rd on erikoistunut kauran sek\u00e4 emmerin ja speltin viljelyyn. J\u00e4lkimm\u00e4iset ovat maukkaita muinaisviljoja, jotka luonnistuvat erinomaisesti muun muassa leivontaan sek\u00e4 viljariisin ja oluenvalmistukseen. Ekologisilla viljariisituotteillamme voi mainiosti korvata tavanomaisen tuontiriisinvaikkapa risotoissa. Edustan 13. omistajasukupolvea Malmg\u00e5rdin tilalla. T\u00e4\u00e4ll\u00e4 on viljelty maata 1600-luvulta l\u00e4htien. P\u00e4\u00e4tavoitteeni on hoitaa tilaa niin hyvin, ett\u00e4 voin antaa pellot seuraavalle sukupolvelle [&hellip;]\" \/>\n<meta property=\"og:url\" content=\"https:\/\/uudenmaanruoka.fi\/sv\/malmgard\/\" \/>\n<meta property=\"og:site_name\" content=\"Uudenmaanruoka\" \/>\n<meta property=\"article:publisher\" content=\"https:\/\/www.facebook.com\/uudenmaanruoka\/\" \/>\n<meta property=\"article:modified_time\" content=\"2023-01-11T16:20:44+00:00\" \/>\n<meta name=\"twitter:card\" content=\"summary_large_image\" \/>\n<meta name=\"twitter:label1\" content=\"Ber\u00e4knad l\u00e4stid\" \/>\n\t<meta name=\"twitter:data1\" content=\"2 minuter\" \/>\n<script type=\"application\/ld+json\" class=\"yoast-schema-graph\">{\"@context\":\"https:\\\/\\\/schema.org\",\"@graph\":[{\"@type\":\"WebPage\",\"@id\":\"https:\\\/\\\/uudenmaanruoka.fi\\\/malmgard\\\/\",\"url\":\"https:\\\/\\\/uudenmaanruoka.fi\\\/malmgard\\\/\",\"name\":\"Malmg\u00e5rd - Uudenmaanruoka\",\"isPartOf\":{\"@id\":\"https:\\\/\\\/uudenmaanruoka.fi\\\/#website\"},\"datePublished\":\"2023-01-04T14:43:17+00:00\",\"dateModified\":\"2023-01-11T16:20:44+00:00\",\"breadcrumb\":{\"@id\":\"https:\\\/\\\/uudenmaanruoka.fi\\\/malmgard\\\/#breadcrumb\"},\"inLanguage\":\"sv-SE\",\"potentialAction\":[{\"@type\":\"ReadAction\",\"target\":[\"https:\\\/\\\/uudenmaanruoka.fi\\\/malmgard\\\/\"]}]},{\"@type\":\"BreadcrumbList\",\"@id\":\"https:\\\/\\\/uudenmaanruoka.fi\\\/malmgard\\\/#breadcrumb\",\"itemListElement\":[{\"@type\":\"ListItem\",\"position\":1,\"name\":\"Home\",\"item\":\"https:\\\/\\\/uudenmaanruoka.fi\\\/\"},{\"@type\":\"ListItem\",\"position\":2,\"name\":\"Malmg\u00e5rd\"}]},{\"@type\":\"WebSite\",\"@id\":\"https:\\\/\\\/uudenmaanruoka.fi\\\/#website\",\"url\":\"https:\\\/\\\/uudenmaanruoka.fi\\\/\",\"name\":\"Uudenmaanruoka\",\"description\":\"Pienten paikallisten puolesta\",\"publisher\":{\"@id\":\"https:\\\/\\\/uudenmaanruoka.fi\\\/#organization\"},\"potentialAction\":[{\"@type\":\"SearchAction\",\"target\":{\"@type\":\"EntryPoint\",\"urlTemplate\":\"https:\\\/\\\/uudenmaanruoka.fi\\\/?s={search_term_string}\"},\"query-input\":{\"@type\":\"PropertyValueSpecification\",\"valueRequired\":true,\"valueName\":\"search_term_string\"}}],\"inLanguage\":\"sv-SE\"},{\"@type\":\"Organization\",\"@id\":\"https:\\\/\\\/uudenmaanruoka.fi\\\/#organization\",\"name\":\"Uudenmaanruoka\",\"url\":\"https:\\\/\\\/uudenmaanruoka.fi\\\/\",\"logo\":{\"@type\":\"ImageObject\",\"inLanguage\":\"sv-SE\",\"@id\":\"https:\\\/\\\/uudenmaanruoka.fi\\\/#\\\/schema\\\/logo\\\/image\\\/\",\"url\":\"https:\\\/\\\/uudenmaanruoka.fi\\\/wp-content\\\/uploads\\\/2022\\\/11\\\/pienten-paikallisten-puolesta_kuva_2022-scaled.jpg\",\"contentUrl\":\"https:\\\/\\\/uudenmaanruoka.fi\\\/wp-content\\\/uploads\\\/2022\\\/11\\\/pienten-paikallisten-puolesta_kuva_2022-scaled.jpg\",\"width\":2560,\"height\":1828,\"caption\":\"Uudenmaanruoka\"},\"image\":{\"@id\":\"https:\\\/\\\/uudenmaanruoka.fi\\\/#\\\/schema\\\/logo\\\/image\\\/\"},\"sameAs\":[\"https:\\\/\\\/www.facebook.com\\\/uudenmaanruoka\\\/\"]}]}<\/script>\n<!-- \/ Yoast SEO plugin. -->","yoast_head_json":{"title":"Malmg\u00e5rd - Uudenmaanruoka","robots":{"index":"index","follow":"follow","max-snippet":"max-snippet:-1","max-image-preview":"max-image-preview:large","max-video-preview":"max-video-preview:-1"},"canonical":"https:\/\/uudenmaanruoka.fi\/sv\/malmgard\/","og_locale":"sv_SE","og_type":"article","og_title":"Malmg\u00e5rd - Uudenmaanruoka","og_description":"Malmg\u00e5rd Malmg\u00e5rd on erikoistunut kauran sek\u00e4 emmerin ja speltin viljelyyn. J\u00e4lkimm\u00e4iset ovat maukkaita muinaisviljoja, jotka luonnistuvat erinomaisesti muun muassa leivontaan sek\u00e4 viljariisin ja oluenvalmistukseen. Ekologisilla viljariisituotteillamme voi mainiosti korvata tavanomaisen tuontiriisinvaikkapa risotoissa. Edustan 13. omistajasukupolvea Malmg\u00e5rdin tilalla. T\u00e4\u00e4ll\u00e4 on viljelty maata 1600-luvulta l\u00e4htien. P\u00e4\u00e4tavoitteeni on hoitaa tilaa niin hyvin, ett\u00e4 voin antaa pellot seuraavalle sukupolvelle [&hellip;]","og_url":"https:\/\/uudenmaanruoka.fi\/sv\/malmgard\/","og_site_name":"Uudenmaanruoka","article_publisher":"https:\/\/www.facebook.com\/uudenmaanruoka\/","article_modified_time":"2023-01-11T16:20:44+00:00","twitter_card":"summary_large_image","twitter_misc":{"Ber\u00e4knad l\u00e4stid":"2 minuter"},"schema":{"@context":"https:\/\/schema.org","@graph":[{"@type":"WebPage","@id":"https:\/\/uudenmaanruoka.fi\/malmgard\/","url":"https:\/\/uudenmaanruoka.fi\/malmgard\/","name":"Malmg\u00e5rd - Uudenmaanruoka","isPartOf":{"@id":"https:\/\/uudenmaanruoka.fi\/#website"},"datePublished":"2023-01-04T14:43:17+00:00","dateModified":"2023-01-11T16:20:44+00:00","breadcrumb":{"@id":"https:\/\/uudenmaanruoka.fi\/malmgard\/#breadcrumb"},"inLanguage":"sv-SE","potentialAction":[{"@type":"ReadAction","target":["https:\/\/uudenmaanruoka.fi\/malmgard\/"]}]},{"@type":"BreadcrumbList","@id":"https:\/\/uudenmaanruoka.fi\/malmgard\/#breadcrumb","itemListElement":[{"@type":"ListItem","position":1,"name":"Home","item":"https:\/\/uudenmaanruoka.fi\/"},{"@type":"ListItem","position":2,"name":"Malmg\u00e5rd"}]},{"@type":"WebSite","@id":"https:\/\/uudenmaanruoka.fi\/#website","url":"https:\/\/uudenmaanruoka.fi\/","name":"Uudenmaanruoka","description":"Pienten paikallisten puolesta","publisher":{"@id":"https:\/\/uudenmaanruoka.fi\/#organization"},"potentialAction":[{"@type":"SearchAction","target":{"@type":"EntryPoint","urlTemplate":"https:\/\/uudenmaanruoka.fi\/?s={search_term_string}"},"query-input":{"@type":"PropertyValueSpecification","valueRequired":true,"valueName":"search_term_string"}}],"inLanguage":"sv-SE"},{"@type":"Organization","@id":"https:\/\/uudenmaanruoka.fi\/#organization","name":"Uudenmaanruoka","url":"https:\/\/uudenmaanruoka.fi\/","logo":{"@type":"ImageObject","inLanguage":"sv-SE","@id":"https:\/\/uudenmaanruoka.fi\/#\/schema\/logo\/image\/","url":"https:\/\/uudenmaanruoka.fi\/wp-content\/uploads\/2022\/11\/pienten-paikallisten-puolesta_kuva_2022-scaled.jpg","contentUrl":"https:\/\/uudenmaanruoka.fi\/wp-content\/uploads\/2022\/11\/pienten-paikallisten-puolesta_kuva_2022-scaled.jpg","width":2560,"height":1828,"caption":"Uudenmaanruoka"},"image":{"@id":"https:\/\/uudenmaanruoka.fi\/#\/schema\/logo\/image\/"},"sameAs":["https:\/\/www.facebook.com\/uudenmaanruoka\/"]}]}},"_links":{"self":[{"href":"https:\/\/uudenmaanruoka.fi\/sv\/wp-json\/wp\/v2\/pages\/800","targetHints":{"allow":["GET"]}}],"collection":[{"href":"https:\/\/uudenmaanruoka.fi\/sv\/wp-json\/wp\/v2\/pages"}],"about":[{"href":"https:\/\/uudenmaanruoka.fi\/sv\/wp-json\/wp\/v2\/types\/page"}],"author":[{"embeddable":true,"href":"https:\/\/uudenmaanruoka.fi\/sv\/wp-json\/wp\/v2\/users\/1"}],"replies":[{"embeddable":true,"href":"https:\/\/uudenmaanruoka.fi\/sv\/wp-json\/wp\/v2\/comments?post=800"}],"version-history":[{"count":13,"href":"https:\/\/uudenmaanruoka.fi\/sv\/wp-json\/wp\/v2\/pages\/800\/revisions"}],"predecessor-version":[{"id":1030,"href":"https:\/\/uudenmaanruoka.fi\/sv\/wp-json\/wp\/v2\/pages\/800\/revisions\/1030"}],"wp:attachment":[{"href":"https:\/\/uudenmaanruoka.fi\/sv\/wp-json\/wp\/v2\/media?parent=800"}],"curies":[{"name":"wp","href":"https:\/\/api.w.org\/{rel}","templated":true}]}}