{"id":229,"date":"2022-11-22T21:53:10","date_gmt":"2022-11-22T21:53:10","guid":{"rendered":"https:\/\/uudenmaanruoka.fi\/?page_id=229"},"modified":"2023-01-11T16:16:46","modified_gmt":"2023-01-11T16:16:46","slug":"ahlberg","status":"publish","type":"page","link":"https:\/\/uudenmaanruoka.fi\/sv\/ahlberg\/","title":{"rendered":"AHLBERG"},"content":{"rendered":"<div data-elementor-type=\"wp-page\" data-elementor-id=\"229\" class=\"elementor elementor-229\" data-elementor-post-type=\"page\">\n\t\t\t\t\t\t<section class=\"elementor-section elementor-top-section elementor-element elementor-element-57761c9 elementor-section-boxed elementor-section-height-default elementor-section-height-default\" data-id=\"57761c9\" data-element_type=\"section\" data-e-type=\"section\" data-settings=\"{&quot;background_background&quot;:&quot;classic&quot;}\">\n\t\t\t\t\t\t<div class=\"elementor-container elementor-column-gap-default\">\n\t\t\t\t\t<div class=\"elementor-column elementor-col-100 elementor-top-column elementor-element elementor-element-63b104e\" data-id=\"63b104e\" data-element_type=\"column\" data-e-type=\"column\">\n\t\t\t<div class=\"elementor-widget-wrap elementor-element-populated\">\n\t\t\t\t\t\t<div class=\"elementor-element elementor-element-4722d5c elementor-widget elementor-widget-image\" data-id=\"4722d5c\" data-element_type=\"widget\" data-e-type=\"widget\" data-widget_type=\"image.default\">\n\t\t\t\t<div class=\"elementor-widget-container\">\n\t\t\t\t\t\t\t\t\t\t\t\t\t\t\t<img fetchpriority=\"high\" decoding=\"async\" width=\"760\" height=\"191\" src=\"https:\/\/uudenmaanruoka.fi\/wp-content\/uploads\/2022\/12\/ahlberg_logo_white.png\" class=\"attachment-large size-large wp-image-441\" alt=\"\" srcset=\"https:\/\/uudenmaanruoka.fi\/wp-content\/uploads\/2022\/12\/ahlberg_logo_white.png 760w, https:\/\/uudenmaanruoka.fi\/wp-content\/uploads\/2022\/12\/ahlberg_logo_white-300x75.png 300w, https:\/\/uudenmaanruoka.fi\/wp-content\/uploads\/2022\/12\/ahlberg_logo_white-18x5.png 18w\" sizes=\"(max-width: 760px) 100vw, 760px\" \/>\t\t\t\t\t\t\t\t\t\t\t\t\t\t\t<\/div>\n\t\t\t\t<\/div>\n\t\t\t\t<div class=\"elementor-element elementor-element-d6d82d1 elementor-widget elementor-widget-heading\" data-id=\"d6d82d1\" data-element_type=\"widget\" data-e-type=\"widget\" data-widget_type=\"heading.default\">\n\t\t\t\t<div class=\"elementor-widget-container\">\n\t\t\t\t\t<h1 class=\"elementor-heading-title elementor-size-default\">AHLBERG<\/h1>\t\t\t\t<\/div>\n\t\t\t\t<\/div>\n\t\t\t\t<div class=\"elementor-element elementor-element-cd5385a elementor-widget elementor-widget-heading\" data-id=\"cd5385a\" data-element_type=\"widget\" data-e-type=\"widget\" data-widget_type=\"heading.default\">\n\t\t\t\t<div class=\"elementor-widget-container\">\n\t\t\t\t\t<h3 class=\"elementor-heading-title elementor-size-large\">V\u00e5ra huvudprodukter \u00e4r romansallad, skott, \u00f6rter och \u00e4tbara blommor i v\u00e4xthus. Utomhus odlar vi potatis, gr\u00f6nk\u00e5l, zucchini och andra gr\u00f6nsaker.<\/h3>\t\t\t\t<\/div>\n\t\t\t\t<\/div>\n\t\t\t\t\t<\/div>\n\t\t<\/div>\n\t\t\t\t\t<\/div>\n\t\t<\/section>\n\t\t\t\t<section class=\"elementor-section elementor-top-section elementor-element elementor-element-0ea38d0 elementor-section-boxed elementor-section-height-default elementor-section-height-default\" data-id=\"0ea38d0\" data-element_type=\"section\" data-e-type=\"section\">\n\t\t\t\t\t\t<div class=\"elementor-container elementor-column-gap-default\">\n\t\t\t\t\t<div class=\"elementor-column elementor-col-66 elementor-top-column elementor-element elementor-element-dbe3702\" data-id=\"dbe3702\" data-element_type=\"column\" data-e-type=\"column\">\n\t\t\t<div class=\"elementor-widget-wrap elementor-element-populated\">\n\t\t\t\t\t\t<div class=\"elementor-element elementor-element-ca39320 elementor-widget elementor-widget-text-editor\" data-id=\"ca39320\" data-element_type=\"widget\" data-e-type=\"widget\" data-widget_type=\"text-editor.default\">\n\t\t\t\t<div class=\"elementor-widget-container\">\n\t\t\t\t\t\t\t\t\t<p>Vi startade tr\u00e4dg\u00e5rdsodlingen i b\u00f6rjan av 90-talet och gick \u00f6ver till ekologisk odling i slutet av decenniet. Den d\u00e5varande ekologiska boomen v\u00e4ckte v\u00e5rt intresse, och vi best\u00e4mde oss f\u00f6r att odla s\u00e5 bra och h\u00e5llbart som vi kunde. Redan fr\u00e5n b\u00f6rjan ville vi g\u00f6ra verksamheten transparent och h\u00e5llbar.\u00a0<span style=\"color: var( --e-global-color-text ); font-size: 1rem;\">Den d\u00e5varande ekologiska boomen v\u00e4ckte v\u00e5rt intresse, och vi best\u00e4mde oss\u00a0<\/span><span style=\"color: var( --e-global-color-text ); font-size: 1rem;\">f\u00f6r att odla s\u00e5 bra och h\u00e5llbart som vi kunde. Redan fr\u00e5n b\u00f6rjan ville vi g\u00f6ra verksamheten transparent\u00a0<\/span><span style=\"color: var( --e-global-color-text ); font-size: 1rem;\">och h\u00e5llbar.<\/span><\/p><p>Inom ekologisk odling anv\u00e4nds endast biologisk bek\u00e4mpning samt v\u00e4xtskyddsmedel som h\u00e4rstammar\u00a0<span style=\"color: var( --e-global-color-text ); font-size: 1rem;\">fr\u00e5n naturen. I v\u00e4xthusen p\u00e5b\u00f6rjas den biologiska bek\u00e4mpningen s\u00e5 snart de\u00a0<\/span><span style=\"color: var( --e-global-color-text ); font-size: 1rem;\">f\u00f6rsta fr\u00f6na gror. Varje vecka f\u00e5r vi en \u201dinsektleverans\u201d fr\u00e5n det inhemska f\u00f6retaget Biotus,\u00a0<\/span><span style=\"color: var( --e-global-color-text ); font-size: 1rem;\">vars organismer bek\u00e4mpar skadedjur. P\u00e5 salladen anv\u00e4nder vi\u00a0<\/span><span style=\"color: var( --e-global-color-text ); font-size: 1rem;\">ett ekologiskt godk\u00e4nt snigelbete. P\u00e5 friland beror f\u00f6rekomsten av skadedjur mycket p\u00e5 v\u00e4derf\u00f6rh\u00e5llandena.<\/span><\/p><p>F\u00f6rutom \u00f6verg\u00e5ngen till ekologiskt jordbruk har vi b\u00f6rjat anv\u00e4nda vindkraft och f\u00f6rnybar energi f\u00f6r uppv\u00e4rmning.\u00a0<span style=\"color: var( --e-global-color-text ); font-size: 1rem;\">Vi \u00e5tervinner all jord och odlingssubstrat. Jorden\u00a0<\/span><span style=\"color: var( --e-global-color-text ); font-size: 1rem;\">Jorden som anv\u00e4nds vid sticklingss\u00e5dd komposteras och anv\u00e4nds sedan till basilika och d\u00e4refter till sallad.\u00a0<\/span><span style=\"color: var( --e-global-color-text ); font-size: 1rem;\">Den enda jorden som l\u00e4mnar tr\u00e4dg\u00e5rden \u00e4r den i plantkrukorna.<\/span><\/p><p>V\u00e5ra f\u00f6rpackningar \u00e4r av plast. Det \u00e4r utan tvekan det b\u00e4sta f\u00f6rpackningsmaterialet\u00a0<span style=\"color: var( --e-global-color-text ); font-size: 1rem;\">t f\u00f6r att bevara produkterna, eftersom det f\u00f6rhindrar matsvinn. Om de k\u00e4nsliga skotten\u00a0<\/span><span style=\"color: var( --e-global-color-text ); font-size: 1rem;\">inte skyddas av plast vissnar de p\u00e5 nolltid, men i en l\u00e5da kan de h\u00e5lla sig i upp till tv\u00e5 veckor.\u00a0<\/span><span style=\"color: var( --e-global-color-text ); font-size: 1rem;\">Om en del av produkten g\u00e5r till spillo har den ett mycket st\u00f6rre koldioxidavtryck\u00a0<\/span><span style=\"color: var( --e-global-color-text ); font-size: 1rem;\">\u00e4n plasten i f\u00f6rpackningen.<\/span><\/p><p>I Finland b\u00f6rjar plast\u00e5tervinningen fungera, s\u00e5 det \u00e4r ocks\u00e5 en bra sak. Problemet finns\u00a0<span style=\"color: var( --e-global-color-text ); font-size: 1rem;\">d\u00e4r \u00e5tervinningen inte \u00e4r organiserad. Vi har valt en bra l\u00e5da som \u00e4r l\u00e4tt att \u00f6ppna och st\u00e4nga,\u00a0<\/span><span style=\"color: var( --e-global-color-text ); font-size: 1rem;\">och den kan \u00e5teranv\u00e4ndas som frys- eller matl\u00e5da eller f\u00f6r f\u00f6rvaring av spikar och\u00a0<\/span><span style=\"color: var( --e-global-color-text ); font-size: 1rem;\">knappar. De De tillverkas av \u00e5tervunnet material. F\u00f6r plantorna\u00a0<\/span><span style=\"color: var( --e-global-color-text ); font-size: 1rem;\">har vi hela tiden anv\u00e4nt krukor tillverkade av \u00e5tervunnen plast. V\u00e5ra kunder kan\u00a0<\/span><span style=\"color: var( --e-global-color-text ); font-size: 1rem;\">ocks\u00e5 l\u00e4mna tillbaka de urtv\u00e4ttade krukorna s\u00e5 att vi kan \u00e5teranv\u00e4nda dem.<\/span><\/p>\t\t\t\t\t\t\t\t<\/div>\n\t\t\t\t<\/div>\n\t\t\t\t\t<\/div>\n\t\t<\/div>\n\t\t\t\t<div class=\"elementor-column elementor-col-33 elementor-top-column elementor-element elementor-element-7d6381f\" data-id=\"7d6381f\" data-element_type=\"column\" data-e-type=\"column\">\n\t\t\t<div class=\"elementor-widget-wrap elementor-element-populated\">\n\t\t\t\t\t\t<div class=\"elementor-element elementor-element-fcdb573 elementor-widget elementor-widget-heading\" data-id=\"fcdb573\" data-element_type=\"widget\" data-e-type=\"widget\" data-widget_type=\"heading.default\">\n\t\t\t\t<div class=\"elementor-widget-container\">\n\t\t\t\t\t<h5 class=\"elementor-heading-title elementor-size-default\"><b>Puutarhatoimisto Ahlberg Oy\n<\/b><br><br>\nImmersbyntie 101, 01120 V\u00e4sterskog\n<br><br>\n\nKaijus Ahlberg, Viljely\nMinna Tengvall, Myynti\n\nminna@ahlberginpuutarha.fi\n<span style=\", sans-serif;font-size: medium;letter-spacing: normal\">www.yrttiahlberg.fi<\/span><\/h5>\t\t\t\t<\/div>\n\t\t\t\t<\/div>\n\t\t\t\t\t<\/div>\n\t\t<\/div>\n\t\t\t\t\t<\/div>\n\t\t<\/section>\n\t\t\t\t<\/div>","protected":false},"excerpt":{"rendered":"<p>AHLBERG P\u00e4\u00e4tuotteitamme ovat kasvihuoneissa roomansalaatti, versot, yrtit ja sy\u00f6t\u00e4v\u00e4t kukat. Avomaalla viljelemme perunaa, lehtikaalia, kes\u00e4kurpitsaa ja muita vihanneksia. Aloitimme puutarhan pidon 90-luvun alussa ja siirryimme luomuun vuosikymmenen\u00a0lopussa. Tuollinen luomubuumi kiinnosti meit\u00e4, ja p\u00e4\u00e4timme viljell\u00e4 niin hyvin ja\u00a0kest\u00e4v\u00e4sti kuin pystymme. Jo heti alussa halusimme tehd\u00e4 ty\u00f6st\u00e4 l\u00e4pin\u00e4kyv\u00e4\u00e4 ja\u00a0kest\u00e4v\u00e4\u00e4. Luomussa k\u00e4ytet\u00e4\u00e4n ainoastaan biologista torjuntaa sek\u00e4 luonnosta per\u00e4isin [&hellip;]<\/p>\n","protected":false},"author":1,"featured_media":0,"parent":0,"menu_order":0,"comment_status":"closed","ping_status":"closed","template":"elementor_header_footer","meta":{"footnotes":""},"class_list":["post-229","page","type-page","status-publish","hentry"],"yoast_head":"<!-- This site is optimized with the Yoast SEO plugin v28.2 - https:\/\/yoast.com\/product\/yoast-seo-wordpress\/ -->\n<title>AHLBERG - Uudenmaanruoka<\/title>\n<meta name=\"robots\" content=\"index, follow, max-snippet:-1, max-image-preview:large, max-video-preview:-1\" \/>\n<link rel=\"canonical\" href=\"https:\/\/uudenmaanruoka.fi\/sv\/ahlberg\/\" \/>\n<meta property=\"og:locale\" content=\"sv_SE\" \/>\n<meta property=\"og:type\" content=\"article\" \/>\n<meta property=\"og:title\" content=\"AHLBERG - Uudenmaanruoka\" \/>\n<meta property=\"og:description\" content=\"AHLBERG P\u00e4\u00e4tuotteitamme ovat kasvihuoneissa roomansalaatti, versot, yrtit ja sy\u00f6t\u00e4v\u00e4t kukat. Avomaalla viljelemme perunaa, lehtikaalia, kes\u00e4kurpitsaa ja muita vihanneksia. Aloitimme puutarhan pidon 90-luvun alussa ja siirryimme luomuun vuosikymmenen\u00a0lopussa. Tuollinen luomubuumi kiinnosti meit\u00e4, ja p\u00e4\u00e4timme viljell\u00e4 niin hyvin ja\u00a0kest\u00e4v\u00e4sti kuin pystymme. Jo heti alussa halusimme tehd\u00e4 ty\u00f6st\u00e4 l\u00e4pin\u00e4kyv\u00e4\u00e4 ja\u00a0kest\u00e4v\u00e4\u00e4. Luomussa k\u00e4ytet\u00e4\u00e4n ainoastaan biologista torjuntaa sek\u00e4 luonnosta per\u00e4isin [&hellip;]\" \/>\n<meta property=\"og:url\" content=\"https:\/\/uudenmaanruoka.fi\/sv\/ahlberg\/\" \/>\n<meta property=\"og:site_name\" content=\"Uudenmaanruoka\" \/>\n<meta property=\"article:publisher\" content=\"https:\/\/www.facebook.com\/uudenmaanruoka\/\" \/>\n<meta property=\"article:modified_time\" content=\"2023-01-11T16:16:46+00:00\" \/>\n<meta property=\"og:image\" content=\"https:\/\/uudenmaanruoka.fi\/wp-content\/uploads\/2022\/12\/ahlberg_logo_white.png\" \/>\n<meta name=\"twitter:card\" content=\"summary_large_image\" \/>\n<meta name=\"twitter:label1\" content=\"Ber\u00e4knad l\u00e4stid\" \/>\n\t<meta name=\"twitter:data1\" content=\"2 minuter\" \/>\n<script type=\"application\/ld+json\" class=\"yoast-schema-graph\">{\"@context\":\"https:\\\/\\\/schema.org\",\"@graph\":[{\"@type\":\"WebPage\",\"@id\":\"https:\\\/\\\/uudenmaanruoka.fi\\\/ahlberg\\\/\",\"url\":\"https:\\\/\\\/uudenmaanruoka.fi\\\/ahlberg\\\/\",\"name\":\"AHLBERG - Uudenmaanruoka\",\"isPartOf\":{\"@id\":\"https:\\\/\\\/uudenmaanruoka.fi\\\/#website\"},\"primaryImageOfPage\":{\"@id\":\"https:\\\/\\\/uudenmaanruoka.fi\\\/ahlberg\\\/#primaryimage\"},\"image\":{\"@id\":\"https:\\\/\\\/uudenmaanruoka.fi\\\/ahlberg\\\/#primaryimage\"},\"thumbnailUrl\":\"https:\\\/\\\/uudenmaanruoka.fi\\\/wp-content\\\/uploads\\\/2022\\\/12\\\/ahlberg_logo_white.png\",\"datePublished\":\"2022-11-22T21:53:10+00:00\",\"dateModified\":\"2023-01-11T16:16:46+00:00\",\"breadcrumb\":{\"@id\":\"https:\\\/\\\/uudenmaanruoka.fi\\\/ahlberg\\\/#breadcrumb\"},\"inLanguage\":\"sv-SE\",\"potentialAction\":[{\"@type\":\"ReadAction\",\"target\":[\"https:\\\/\\\/uudenmaanruoka.fi\\\/ahlberg\\\/\"]}]},{\"@type\":\"ImageObject\",\"inLanguage\":\"sv-SE\",\"@id\":\"https:\\\/\\\/uudenmaanruoka.fi\\\/ahlberg\\\/#primaryimage\",\"url\":\"https:\\\/\\\/uudenmaanruoka.fi\\\/wp-content\\\/uploads\\\/2022\\\/12\\\/ahlberg_logo_white.png\",\"contentUrl\":\"https:\\\/\\\/uudenmaanruoka.fi\\\/wp-content\\\/uploads\\\/2022\\\/12\\\/ahlberg_logo_white.png\"},{\"@type\":\"BreadcrumbList\",\"@id\":\"https:\\\/\\\/uudenmaanruoka.fi\\\/ahlberg\\\/#breadcrumb\",\"itemListElement\":[{\"@type\":\"ListItem\",\"position\":1,\"name\":\"Home\",\"item\":\"https:\\\/\\\/uudenmaanruoka.fi\\\/\"},{\"@type\":\"ListItem\",\"position\":2,\"name\":\"AHLBERG\"}]},{\"@type\":\"WebSite\",\"@id\":\"https:\\\/\\\/uudenmaanruoka.fi\\\/#website\",\"url\":\"https:\\\/\\\/uudenmaanruoka.fi\\\/\",\"name\":\"Uudenmaanruoka\",\"description\":\"Pienten paikallisten puolesta\",\"publisher\":{\"@id\":\"https:\\\/\\\/uudenmaanruoka.fi\\\/#organization\"},\"potentialAction\":[{\"@type\":\"SearchAction\",\"target\":{\"@type\":\"EntryPoint\",\"urlTemplate\":\"https:\\\/\\\/uudenmaanruoka.fi\\\/?s={search_term_string}\"},\"query-input\":{\"@type\":\"PropertyValueSpecification\",\"valueRequired\":true,\"valueName\":\"search_term_string\"}}],\"inLanguage\":\"sv-SE\"},{\"@type\":\"Organization\",\"@id\":\"https:\\\/\\\/uudenmaanruoka.fi\\\/#organization\",\"name\":\"Uudenmaanruoka\",\"url\":\"https:\\\/\\\/uudenmaanruoka.fi\\\/\",\"logo\":{\"@type\":\"ImageObject\",\"inLanguage\":\"sv-SE\",\"@id\":\"https:\\\/\\\/uudenmaanruoka.fi\\\/#\\\/schema\\\/logo\\\/image\\\/\",\"url\":\"https:\\\/\\\/uudenmaanruoka.fi\\\/wp-content\\\/uploads\\\/2022\\\/11\\\/pienten-paikallisten-puolesta_kuva_2022-scaled.jpg\",\"contentUrl\":\"https:\\\/\\\/uudenmaanruoka.fi\\\/wp-content\\\/uploads\\\/2022\\\/11\\\/pienten-paikallisten-puolesta_kuva_2022-scaled.jpg\",\"width\":2560,\"height\":1828,\"caption\":\"Uudenmaanruoka\"},\"image\":{\"@id\":\"https:\\\/\\\/uudenmaanruoka.fi\\\/#\\\/schema\\\/logo\\\/image\\\/\"},\"sameAs\":[\"https:\\\/\\\/www.facebook.com\\\/uudenmaanruoka\\\/\"]}]}<\/script>\n<!-- \/ Yoast SEO plugin. -->","yoast_head_json":{"title":"AHLBERG - Uudenmaanruoka","robots":{"index":"index","follow":"follow","max-snippet":"max-snippet:-1","max-image-preview":"max-image-preview:large","max-video-preview":"max-video-preview:-1"},"canonical":"https:\/\/uudenmaanruoka.fi\/sv\/ahlberg\/","og_locale":"sv_SE","og_type":"article","og_title":"AHLBERG - Uudenmaanruoka","og_description":"AHLBERG P\u00e4\u00e4tuotteitamme ovat kasvihuoneissa roomansalaatti, versot, yrtit ja sy\u00f6t\u00e4v\u00e4t kukat. Avomaalla viljelemme perunaa, lehtikaalia, kes\u00e4kurpitsaa ja muita vihanneksia. Aloitimme puutarhan pidon 90-luvun alussa ja siirryimme luomuun vuosikymmenen\u00a0lopussa. Tuollinen luomubuumi kiinnosti meit\u00e4, ja p\u00e4\u00e4timme viljell\u00e4 niin hyvin ja\u00a0kest\u00e4v\u00e4sti kuin pystymme. Jo heti alussa halusimme tehd\u00e4 ty\u00f6st\u00e4 l\u00e4pin\u00e4kyv\u00e4\u00e4 ja\u00a0kest\u00e4v\u00e4\u00e4. Luomussa k\u00e4ytet\u00e4\u00e4n ainoastaan biologista torjuntaa sek\u00e4 luonnosta per\u00e4isin [&hellip;]","og_url":"https:\/\/uudenmaanruoka.fi\/sv\/ahlberg\/","og_site_name":"Uudenmaanruoka","article_publisher":"https:\/\/www.facebook.com\/uudenmaanruoka\/","article_modified_time":"2023-01-11T16:16:46+00:00","og_image":[{"url":"https:\/\/uudenmaanruoka.fi\/wp-content\/uploads\/2022\/12\/ahlberg_logo_white.png","type":"","width":"","height":""}],"twitter_card":"summary_large_image","twitter_misc":{"Ber\u00e4knad l\u00e4stid":"2 minuter"},"schema":{"@context":"https:\/\/schema.org","@graph":[{"@type":"WebPage","@id":"https:\/\/uudenmaanruoka.fi\/ahlberg\/","url":"https:\/\/uudenmaanruoka.fi\/ahlberg\/","name":"AHLBERG - Uudenmaanruoka","isPartOf":{"@id":"https:\/\/uudenmaanruoka.fi\/#website"},"primaryImageOfPage":{"@id":"https:\/\/uudenmaanruoka.fi\/ahlberg\/#primaryimage"},"image":{"@id":"https:\/\/uudenmaanruoka.fi\/ahlberg\/#primaryimage"},"thumbnailUrl":"https:\/\/uudenmaanruoka.fi\/wp-content\/uploads\/2022\/12\/ahlberg_logo_white.png","datePublished":"2022-11-22T21:53:10+00:00","dateModified":"2023-01-11T16:16:46+00:00","breadcrumb":{"@id":"https:\/\/uudenmaanruoka.fi\/ahlberg\/#breadcrumb"},"inLanguage":"sv-SE","potentialAction":[{"@type":"ReadAction","target":["https:\/\/uudenmaanruoka.fi\/ahlberg\/"]}]},{"@type":"ImageObject","inLanguage":"sv-SE","@id":"https:\/\/uudenmaanruoka.fi\/ahlberg\/#primaryimage","url":"https:\/\/uudenmaanruoka.fi\/wp-content\/uploads\/2022\/12\/ahlberg_logo_white.png","contentUrl":"https:\/\/uudenmaanruoka.fi\/wp-content\/uploads\/2022\/12\/ahlberg_logo_white.png"},{"@type":"BreadcrumbList","@id":"https:\/\/uudenmaanruoka.fi\/ahlberg\/#breadcrumb","itemListElement":[{"@type":"ListItem","position":1,"name":"Home","item":"https:\/\/uudenmaanruoka.fi\/"},{"@type":"ListItem","position":2,"name":"AHLBERG"}]},{"@type":"WebSite","@id":"https:\/\/uudenmaanruoka.fi\/#website","url":"https:\/\/uudenmaanruoka.fi\/","name":"Uudenmaanruoka","description":"Pienten paikallisten puolesta","publisher":{"@id":"https:\/\/uudenmaanruoka.fi\/#organization"},"potentialAction":[{"@type":"SearchAction","target":{"@type":"EntryPoint","urlTemplate":"https:\/\/uudenmaanruoka.fi\/?s={search_term_string}"},"query-input":{"@type":"PropertyValueSpecification","valueRequired":true,"valueName":"search_term_string"}}],"inLanguage":"sv-SE"},{"@type":"Organization","@id":"https:\/\/uudenmaanruoka.fi\/#organization","name":"Uudenmaanruoka","url":"https:\/\/uudenmaanruoka.fi\/","logo":{"@type":"ImageObject","inLanguage":"sv-SE","@id":"https:\/\/uudenmaanruoka.fi\/#\/schema\/logo\/image\/","url":"https:\/\/uudenmaanruoka.fi\/wp-content\/uploads\/2022\/11\/pienten-paikallisten-puolesta_kuva_2022-scaled.jpg","contentUrl":"https:\/\/uudenmaanruoka.fi\/wp-content\/uploads\/2022\/11\/pienten-paikallisten-puolesta_kuva_2022-scaled.jpg","width":2560,"height":1828,"caption":"Uudenmaanruoka"},"image":{"@id":"https:\/\/uudenmaanruoka.fi\/#\/schema\/logo\/image\/"},"sameAs":["https:\/\/www.facebook.com\/uudenmaanruoka\/"]}]}},"_links":{"self":[{"href":"https:\/\/uudenmaanruoka.fi\/sv\/wp-json\/wp\/v2\/pages\/229","targetHints":{"allow":["GET"]}}],"collection":[{"href":"https:\/\/uudenmaanruoka.fi\/sv\/wp-json\/wp\/v2\/pages"}],"about":[{"href":"https:\/\/uudenmaanruoka.fi\/sv\/wp-json\/wp\/v2\/types\/page"}],"author":[{"embeddable":true,"href":"https:\/\/uudenmaanruoka.fi\/sv\/wp-json\/wp\/v2\/users\/1"}],"replies":[{"embeddable":true,"href":"https:\/\/uudenmaanruoka.fi\/sv\/wp-json\/wp\/v2\/comments?post=229"}],"version-history":[{"count":12,"href":"https:\/\/uudenmaanruoka.fi\/sv\/wp-json\/wp\/v2\/pages\/229\/revisions"}],"predecessor-version":[{"id":1024,"href":"https:\/\/uudenmaanruoka.fi\/sv\/wp-json\/wp\/v2\/pages\/229\/revisions\/1024"}],"wp:attachment":[{"href":"https:\/\/uudenmaanruoka.fi\/sv\/wp-json\/wp\/v2\/media?parent=229"}],"curies":[{"name":"wp","href":"https:\/\/api.w.org\/{rel}","templated":true}]}}